{"id":159,"date":"2026-07-18T21:33:34","date_gmt":"2026-07-18T21:33:34","guid":{"rendered":"https:\/\/emmavivin.es\/?page_id=159"},"modified":"2026-08-26T16:18:12","modified_gmt":"2026-08-26T16:18:12","slug":"formaciones","status":"publish","type":"page","link":"https:\/\/emmavivin.es\/index.php\/formaciones\/","title":{"rendered":"Formaciones"},"content":{"rendered":"\n<div class=\"wp-block-cover has-custom-content-position is-position-top-center\" style=\"min-height:210px;aspect-ratio:unset;\"><span aria-hidden=\"true\" class=\"wp-block-cover__background has-theme-palette-8-background-color has-background-dim-100 has-background-dim\"><\/span><div class=\"wp-block-cover__inner-container is-layout-constrained wp-block-cover-is-layout-constrained\">\n<h2 class=\"wp-block-heading has-text-align-center has-theme-palette-5-color has-text-color has-link-color wp-elements-1\">Escuela online Emma Vivin<\/h2>\n\n\n\n<p class=\"has-text-align-center has-theme-palette-5-color has-text-color has-link-color wp-elements-2 wp-block-paragraph\"><strong>Aprender tambi\u00e9n puede ser una forma de volver a ti.<\/strong><\/p>\n\n\n\n<div class=\"wp-block-buttons is-content-justification-center is-layout-flex wp-container-core-buttons-is-layout-fe48e5de wp-block-buttons-is-layout-flex\">\n<div class=\"wp-block-button is-style-outline is-style-outline--1\"><a class=\"wp-block-button__link wp-element-button\" href=\"https:\/\/www.emmavivin.com\/\">acceder a la escuela<\/a><\/div>\n<\/div>\n\n\n\n<p class=\"has-text-align-center has-theme-palette-5-color has-text-color has-link-color wp-elements-3 wp-block-paragraph\">Descubre formaciones de Tarot, energ\u00eda y desarrollo personal creadas para acompa\u00f1arte en tu camino de crecimiento, respetando tu ritmo y tu manera de aprender.<\/p>\n<\/div><\/div>\n\n\n\n<div class=\"wp-block-cover\" style=\"min-height:72px;aspect-ratio:unset;\"><span aria-hidden=\"true\" class=\"wp-block-cover__background has-theme-palette-6-background-color has-background-dim-100 has-background-dim\"><\/span><div class=\"wp-block-cover__inner-container is-layout-constrained wp-block-cover-is-layout-constrained\">\n<h2 class=\"wp-block-heading has-theme-palette-4-color has-text-color has-link-color wp-elements-4\">Formaci\u00f3n energ\u00e9tica <\/h2>\n<\/div><\/div>\n\n\n\n<h2 class=\"wp-block-heading has-theme-palette-1-color has-text-color has-link-color wp-elements-5\">\ud83d\udc49Soberan\u00eda Energ\u00e9tica 1.0<\/h2>\n\n\n\n<h3 class=\"wp-block-heading\">Comprende tu mundo energ\u00e9tico<\/h3>\n\n\n\n<p class=\"wp-block-paragraph\">Tu primer paso para entender la energ\u00eda desde una visi\u00f3n pr\u00e1ctica, sencilla y consciente.<\/p>\n\n\n\n<p class=\"wp-block-paragraph\">Aprender\u00e1s las bases necesarias para empezar a desarrollar una mayor conexi\u00f3n contigo y con tu energ\u00eda.<\/p>\n\n\n\n<p class=\"wp-block-paragraph\"><strong>Ideal si\u2026<\/strong><\/p>\n\n\n\n<ul class=\"wp-block-list\">\n<li>Sientes curiosidad por el mundo energ\u00e9tico, pero no sabes por d\u00f3nde empezar.<\/li>\n\n\n\n<li>Has o\u00eddo hablar de chakras, aura, vibraci\u00f3n, intuici\u00f3n, energ\u00eda\u2026 y cada persona te cuenta algo diferente.<\/li>\n\n\n\n<li>A veces percibes cosas, tienes sensaciones o intuiciones que no sabes c\u00f3mo interpretar.<\/li>\n<\/ul>\n\n\n\n<div class=\"wp-block-buttons is-layout-flex wp-block-buttons-is-layout-flex\">\n<div class=\"wp-block-button\"><a class=\"wp-block-button__link wp-element-button\" href=\"https:\/\/www.emmavivin.com\/curso-completo\/Soberania-energetica-con-Vivin-10-Edicion-fundadora\"><strong>m\u00e1s informaci\u00f3n<\/strong><\/a><\/div>\n\n\n\n<div class=\"wp-block-button is-style-outline is-style-outline--2\"><a class=\"wp-block-button__link wp-element-button\" href=\"https:\/\/www.emmavivin.com\/\">Aceder a la escuela<\/a><\/div>\n<\/div>\n\n\n\n<h2 class=\"wp-block-heading has-theme-palette-1-color has-text-color has-link-color wp-elements-6\">\ud83d\udc49Soberan\u00eda Energ\u00e9tica 2.0<\/h2>\n\n\n\n<p class=\"wp-block-paragraph\">El siguiente paso para quienes desean profundizar y llevar la teor\u00eda a la pr\u00e1ctica.<\/p>\n\n\n\n<p class=\"wp-block-paragraph\">Encontrar\u00e1s ejercicios, pr\u00e1cticas guiadas y nuevas herramientas para integrar el trabajo energ\u00e9tico en tu d\u00eda a d\u00eda. y 2 Bonus incre\u00edbles sobre sanaci\u00f3n del \u00fatero y Mediumnidad.<\/p>\n\n\n\n<p class=\"wp-block-paragraph\"><strong>Ideal si\u2026<\/strong><\/p>\n\n\n\n<ul class=\"wp-block-list\">\n<li>Ya has realizado Soberan\u00eda Energ\u00e9tica 1.0 .<\/li>\n\n\n\n<li>Quieres ganar confianza en tu pr\u00e1ctica.<\/li>\n\n\n\n<li>Deseas profundizar en tu desarrollo, personal, emocional y energ\u00e9tico.<\/li>\n<\/ul>\n\n\n\n<div class=\"wp-block-buttons is-layout-flex wp-block-buttons-is-layout-flex\">\n<div class=\"wp-block-button\"><a class=\"wp-block-button__link wp-element-button\"><strong>pr\u00f3ximamente en enero de 2027<\/strong><\/a><\/div>\n\n\n\n<div class=\"wp-block-button is-style-outline is-style-outline--3\"><a class=\"wp-block-button__link wp-element-button\" href=\"https:\/\/www.emmavivin.com\/\">acceder a la escuela<\/a><\/div>\n<\/div>\n\n\n\n<div class=\"wp-block-cover has-custom-content-position is-position-top-center\" style=\"min-height:89px;aspect-ratio:unset;\"><span aria-hidden=\"true\" class=\"wp-block-cover__background has-theme-palette-6-background-color has-background-dim-100 has-background-dim\"><\/span><div class=\"wp-block-cover__inner-container is-layout-constrained wp-block-cover-is-layout-constrained\">\n<h5 class=\"wp-block-heading has-text-align-left has-theme-palette-4-color has-text-color has-link-color has-large-font-size wp-elements-7\"> Formaci\u00f3n en Tarot<\/h5>\n<\/div><\/div>\n\n\n\n<h2 class=\"wp-block-heading has-theme-palette-1-color has-text-color has-link-color wp-elements-8\">\ud83d\udc49Curso de Tarot Intuitivo Rider-Waite<\/h2>\n\n\n\n<p class=\"wp-block-paragraph\">Aprende a interpretar el Tarot desde la comprensi\u00f3n de los s\u00edmbolos, la intuici\u00f3n y la pr\u00e1ctica, sin depender de memorizar significados.<\/p>\n\n\n\n<h3 class=\"wp-block-heading\">Disponible por m\u00f3dulos<\/h3>\n\n\n\n<ul class=\"wp-block-list\">\n<li>Nivel 1: Iniciaci\u00f3n al Tarot y Arcanos Mayores.<\/li>\n\n\n\n<li>Nivel 2: Arcanos Menores.<\/li>\n\n\n\n<li>Nivel 3: Tiradas e Interpretaci\u00f3n intuitiva.<\/li>\n<\/ul>\n\n\n\n<p class=\"wp-block-paragraph\">Cada m\u00f3dulo puede realizarse de forma independiente, permiti\u00e9ndote avanzar paso a paso y a tu propio ritmo.<\/p>\n\n\n\n<div class=\"wp-block-buttons is-layout-flex wp-block-buttons-is-layout-flex\">\n<div class=\"wp-block-button\"><a class=\"wp-block-button__link wp-element-button\" href=\"https:\/\/www.emmavivin.com\/curso-completo\/Tarot-Intuitivo-Rider-Waite-Arcanos-mayores\"><strong>arcanos mayores<\/strong><\/a><\/div>\n\n\n\n<div class=\"wp-block-button\"><a class=\"wp-block-button__link wp-element-button\">arcanos menores (pr\u00f3ximamente octubre 2026)<\/a><\/div>\n\n\n\n<div class=\"wp-block-button\"><a class=\"wp-block-button__link wp-element-button\">Tiradas e interpretaci\u00f3n ( pr\u00f3ximamente noviembre 2026)<\/a><\/div>\n\n\n\n<div class=\"wp-block-button is-style-outline is-style-outline--4\"><a class=\"wp-block-button__link wp-element-button\" href=\"https:\/\/www.emmavivin.com\">acceder a la escuela<\/a><\/div>\n<\/div>\n\n\n\n<div class=\"wp-block-cover has-custom-content-position is-position-top-center\" style=\"min-height:76px;aspect-ratio:unset;\"><span aria-hidden=\"true\" class=\"wp-block-cover__background has-theme-palette-6-background-color has-background-dim-100 has-background-dim\"><\/span><div class=\"wp-block-cover__inner-container is-layout-constrained wp-block-cover-is-layout-constrained\">\n<h2 class=\"wp-block-heading has-text-align-left has-theme-palette-4-color has-text-color has-link-color has-large-font-size wp-elements-9\">Programas de Transformaci\u00f3n<\/h2>\n<\/div><\/div>\n\n\n\n<h2 class=\"wp-block-heading has-theme-palette-1-color has-text-color has-link-color wp-elements-10\">\ud83d\udc49Tu mapa de vida a trav\u00e9s del Tarot<\/h2>\n\n\n\n<h3 class=\"wp-block-heading\">Un recorrido de autoconocimiento utilizando el Tarot de Marsella.<\/h3>\n\n\n\n<p class=\"wp-block-paragraph\">Durante seis d\u00edas descubrir\u00e1s los arcanos que acompa\u00f1an tu historia y aprender\u00e1s a comprender tu recorrido vital desde una nueva perspectiva.<\/p>\n\n\n\n<h3 class=\"wp-block-heading\">Incluye<\/h3>\n\n\n\n<p class=\"wp-block-paragraph\">\u2714\ufe0f V\u00eddeos formativos.<\/p>\n\n\n\n<p class=\"wp-block-paragraph\">\u2714\ufe0f Meditaciones guiadas.<\/p>\n\n\n\n<p class=\"wp-block-paragraph\">\u2714\ufe0f Descubrimiento de tus Arcanos personales.<\/p>\n\n\n\n<p class=\"wp-block-paragraph\">\u2714\ufe0f Preguntas poderosas.<\/p>\n\n\n\n<p class=\"wp-block-paragraph\">\u2714\ufe0f Manual.<\/p>\n\n\n\n<p class=\"wp-block-paragraph\">\u2714\ufe0f Cuaderno de ejercicios.<\/p>\n\n\n\n<p class=\"wp-block-paragraph\">\u2714\ufe0f Arcanos para colorear y conectar con ellos como mandalas.<\/p>\n\n\n\n<p class=\"wp-block-paragraph\">\u2714\ufe0f Comunidad privada de WhatsApp.<\/p>\n\n\n\n<p class=\"wp-block-paragraph\">\u2714\ufe0f Acceso online y a tu ritmo.<\/p>\n\n\n\n<div class=\"wp-block-buttons is-layout-flex wp-block-buttons-is-layout-flex\">\n<div class=\"wp-block-button\"><a class=\"wp-block-button__link wp-element-button\" href=\"https:\/\/www.emmavivin.com\/curso\/Programa-de-tu-mapa-de-vida-a-traves-del-tarot\"><strong>Quiero descubrir mi mapa de vida<\/strong> <\/a><\/div>\n\n\n\n<div class=\"wp-block-button is-style-outline is-style-outline--5\"><a class=\"wp-block-button__link wp-element-button\" href=\"https:\/\/www.emmavivin.com\/\">acceder a la escuela<\/a><\/div>\n<\/div>\n\n\n\n<h2 class=\"wp-block-heading has-theme-palette-1-color has-text-color has-link-color wp-elements-11\">\ud83d\udc49El Camino del H\u00e9roe<\/h2>\n\n\n\n<p class=\"wp-block-paragraph\">Un programa de 23 d\u00edas para recorrer tu propio camino de transformaci\u00f3n personal.<\/p>\n\n\n\n<p class=\"wp-block-paragraph\">A trav\u00e9s de diferentes propuestas ir\u00e1s avanzando paso a paso por las etapas de tu propio viaje interior.<\/p>\n\n\n\n<h3 class=\"wp-block-heading\">Incluye<\/h3>\n\n\n\n<p class=\"wp-block-paragraph\">\u2714\ufe0f Meditaciones guiadas.<\/p>\n\n\n\n<p class=\"wp-block-paragraph\">\u2714\ufe0f Ejercicios de reflexi\u00f3n.<\/p>\n\n\n\n<p class=\"wp-block-paragraph\">\u2714\ufe0f Actividades de arteterapia.<\/p>\n\n\n\n<p class=\"wp-block-paragraph\">\u2714\ufe0f Acceso online y a tu ritmo.<\/p>\n\n\n\n<div class=\"wp-block-buttons is-layout-flex wp-block-buttons-is-layout-flex\">\n<div class=\"wp-block-button\"><a class=\"wp-block-button__link wp-element-button\"><strong>pr\u00f3ximamente<\/strong> 2027<\/a><\/div>\n\n\n\n<div class=\"wp-block-button is-style-outline is-style-outline--6\"><a class=\"wp-block-button__link wp-element-button\" href=\"https:\/\/www.emmavivin.com\/\">acceder a la escuela<\/a><\/div>\n<\/div>\n\n\n\n<div class=\"wp-block-cover has-custom-content-position is-position-top-center\" style=\"min-height:83px;aspect-ratio:unset;\"><span aria-hidden=\"true\" class=\"wp-block-cover__background has-theme-palette-6-background-color has-background-dim-100 has-background-dim\"><\/span><div class=\"wp-block-cover__inner-container is-layout-constrained wp-block-cover-is-layout-constrained\">\n<h6 class=\"wp-block-heading has-text-align-left has-theme-palette-4-color has-text-color has-link-color has-large-font-size wp-elements-12\">Talleres  online Vivenciales<\/h6>\n<\/div><\/div>\n\n\n\n<h2 class=\"wp-block-heading has-theme-palette-1-color has-text-color has-link-color wp-elements-13\">\ud83d\udc49<strong>Mini Taller \u00b7 Creencias Limitantes<\/strong><\/h2>\n\n\n\n<p class=\"wp-block-paragraph\">Identifica las creencias que est\u00e1n condicionando tu vida y aprende a comenzar a transformarlas mediante ejercicios sencillos y pr\u00e1cticos.<\/p>\n\n\n\n<p class=\"wp-block-paragraph\"><strong>Ideal si\u2026<\/strong><\/p>\n\n\n\n<ul class=\"wp-block-list\">\n<li>Sientes que siempre te hablas igual.<\/li>\n\n\n\n<li>Te autosaboteas.<\/li>\n\n\n\n<li>Quieres empezar a cambiar tu di\u00e1logo interno.<\/li>\n<\/ul>\n\n\n\n<div class=\"wp-block-buttons is-layout-flex wp-block-buttons-is-layout-flex\">\n<div class=\"wp-block-button\"><a class=\"wp-block-button__link wp-element-button\"><strong>pr\u00f3ximamente<\/strong> 2027<\/a><\/div>\n\n\n\n<div class=\"wp-block-button is-style-outline is-style-outline--7\"><a class=\"wp-block-button__link wp-element-button\" href=\"https:\/\/www.emmavivin.com\/\">acceder a la escuela<\/a><\/div>\n<\/div>\n\n\n\n<h2 class=\"wp-block-heading has-theme-palette-1-color has-text-color has-link-color wp-elements-14\">\ud83d\udc49<strong>Taller de la Ni\u00f1a Interior<\/strong><\/h2>\n\n\n\n<p class=\"wp-block-paragraph\">Un espacio de acompa\u00f1amiento donde comprender\u00e1s el origen de muchas de tus heridas emocionales y aprender\u00e1s a relacionarte con tu ni\u00f1a interior desde un lugar m\u00e1s consciente y compasivo.<\/p>\n\n\n\n<p class=\"wp-block-paragraph\">Trabajaremos aspectos como:<\/p>\n\n\n\n<ul class=\"wp-block-list\">\n<li>La ni\u00f1a interior.<\/li>\n\n\n\n<li>Las heridas emocionales.<\/li>\n\n\n\n<li>La teor\u00eda del apego.<\/li>\n\n\n\n<li>Ejercicios terap\u00e9uticos.<\/li>\n\n\n\n<li>Din\u00e1micas vivenciales.<\/li>\n<\/ul>\n\n\n\n<p class=\"wp-block-paragraph\"><strong>Formato :<\/strong><\/p>\n\n\n\n<ul class=\"wp-block-list\">\n<li>En directo por Zoom.<\/li>\n\n\n\n<li>Grupo reducido (m\u00e1ximo 10 personas).<\/li>\n\n\n\n<li>Duraci\u00f3n aproximada: entre 6 y 8 semanas.<\/li>\n<\/ul>\n\n\n\n<div class=\"wp-block-buttons is-layout-flex wp-block-buttons-is-layout-flex\">\n<div class=\"wp-block-button\"><a class=\"wp-block-button__link wp-element-button\"><strong>pr\u00f3ximamente<\/strong>  2027<\/a><\/div>\n\n\n\n<div class=\"wp-block-button is-style-outline is-style-outline--8\"><a class=\"wp-block-button__link wp-element-button\" href=\"https:\/\/www.emmavivin.com\/\">acceder a la escuela<\/a><\/div>\n<\/div>\n\n\n\n<div class=\"wp-block-cover\"><span aria-hidden=\"true\" class=\"wp-block-cover__background has-theme-palette-8-background-color has-background-dim-100 has-background-dim\"><\/span><div class=\"wp-block-cover__inner-container is-layout-constrained wp-block-cover-is-layout-constrained\">\n<h1 class=\"wp-block-heading has-theme-palette-4-color has-text-color has-link-color wp-elements-15\">\u2665\ufe0fMi forma de ense\u00f1ar<\/h1>\n\n\n\n<p class=\"has-theme-palette-5-color has-text-color has-link-color wp-elements-16 wp-block-paragraph\">Creo que aprender no consiste en memorizar informaci\u00f3n, sino en comprenderla, experimentarla e integrarla.<\/p>\n\n\n\n<p class=\"has-theme-palette-5-color has-text-color has-link-color wp-elements-17 wp-block-paragraph\">Por eso mis formaciones combinan teor\u00eda, pr\u00e1ctica y herramientas vivenciales para que puedas desarrollar tus propios recursos y aprender a confiar en ti.<\/p>\n\n\n\n<p class=\"has-theme-palette-5-color has-text-color has-link-color wp-elements-18 wp-block-paragraph\">Mi objetivo no es que dependas de m\u00ed, sino ofrecerte un espacio donde adquirir conocimientos, experimentar y seguir creciendo a tu propio ritmo.<\/p>\n\n\n\n<h1 class=\"wp-block-heading has-theme-palette-5-color has-text-color has-link-color wp-elements-19\">\u00bfPor d\u00f3nde empezar?<\/h1>\n\n\n\n<p class=\"has-theme-palette-5-color has-text-color has-link-color wp-elements-20 wp-block-paragraph\">No importa en qu\u00e9 punto te encuentres.<\/p>\n\n\n\n<p class=\"has-theme-palette-5-color has-text-color has-link-color wp-elements-21 wp-block-paragraph\">Si no sabes qu\u00e9 formaci\u00f3n puede encajar mejor contigo, estar\u00e9 encantada de orientarte para que elijas el camino que mejor responda a tus necesidades.<\/p>\n\n\n\n<div class=\"wp-block-buttons is-layout-flex wp-block-buttons-is-layout-flex\">\n<div class=\"wp-block-button\"><a class=\"wp-block-button__link wp-element-button\">\u2728<strong>Quiero que me asesores<\/strong><\/a><\/div>\n<\/div>\n<\/div><\/div>\n","protected":false},"excerpt":{"rendered":"<p>\ud83d\udc49Soberan\u00eda Energ\u00e9tica 1.0 Comprende tu mundo energ\u00e9tico Tu primer paso para entender la energ\u00eda desde una visi\u00f3n pr\u00e1ctica, sencilla y consciente. Aprender\u00e1s las bases necesarias para empezar a desarrollar una mayor conexi\u00f3n contigo y con tu energ\u00eda. Ideal si\u2026 \ud83d\udc49Soberan\u00eda Energ\u00e9tica 2.0 El siguiente paso para quienes desean profundizar y llevar la teor\u00eda a la&#8230;<\/p>\n","protected":false},"author":1,"featured_media":0,"parent":0,"menu_order":0,"comment_status":"closed","ping_status":"closed","template":"","meta":{"_kad_post_transparent":"disable","_kad_post_title":"hide","_kad_post_layout":"fullwidth","_kad_post_sidebar_id":"","_kad_post_content_style":"unboxed","_kad_post_vertical_padding":"","_kad_post_feature":"hide","_kad_post_feature_position":"","_kad_post_header":false,"_kad_post_footer":false,"_kad_post_classname":"","footnotes":""},"class_list":["post-159","page","type-page","status-publish","hentry"],"_links":{"self":[{"href":"https:\/\/emmavivin.es\/index.php\/wp-json\/wp\/v2\/pages\/159","targetHints":{"allow":["GET"]}}],"collection":[{"href":"https:\/\/emmavivin.es\/index.php\/wp-json\/wp\/v2\/pages"}],"about":[{"href":"https:\/\/emmavivin.es\/index.php\/wp-json\/wp\/v2\/types\/page"}],"author":[{"embeddable":true,"href":"https:\/\/emmavivin.es\/index.php\/wp-json\/wp\/v2\/users\/1"}],"replies":[{"embeddable":true,"href":"https:\/\/emmavivin.es\/index.php\/wp-json\/wp\/v2\/comments?post=159"}],"version-history":[{"count":47,"href":"https:\/\/emmavivin.es\/index.php\/wp-json\/wp\/v2\/pages\/159\/revisions"}],"predecessor-version":[{"id":1067,"href":"https:\/\/emmavivin.es\/index.php\/wp-json\/wp\/v2\/pages\/159\/revisions\/1067"}],"wp:attachment":[{"href":"https:\/\/emmavivin.es\/index.php\/wp-json\/wp\/v2\/media?parent=159"}],"curies":[{"name":"wp","href":"https:\/\/api.w.org\/{rel}","templated":true}]}}