{"id":642,"date":"2026-07-31T08:16:19","date_gmt":"2026-07-31T08:16:19","guid":{"rendered":"https:\/\/emmavivin.es\/?page_id=642"},"modified":"2026-08-02T16:38:49","modified_gmt":"2026-08-02T16:38:49","slug":"reservas","status":"publish","type":"page","link":"https:\/\/emmavivin.es\/index.php\/reservas\/","title":{"rendered":"T\u00e9rminos y Condiciones de Contrataci\u00f3n de Servicios"},"content":{"rendered":"\n<h1 class=\"wp-block-heading\">T\u00c9RMINOS Y CONDICIONES DE CONTRATACI\u00d3N DE SERVICIOS<\/h1>\n\n\n\n<p class=\"wp-block-paragraph\"><strong>\u00daltima actualizaci\u00f3n:<\/strong> 31\/07\/2026<\/p>\n\n\n\n<h2 class=\"wp-block-heading\">1. Objeto<\/h2>\n\n\n\n<p class=\"wp-block-paragraph\">Los presentes T\u00e9rminos y Condiciones regulan la contrataci\u00f3n de los servicios ofrecidos por <strong>Emma Vivin<\/strong> a trav\u00e9s de esta p\u00e1gina web y otros medios. Estos t\u00e9rminos tienen como finalidad explicar de forma clara c\u00f3mo funciona el proceso de contrataci\u00f3n, reserva, prestaci\u00f3n de los servicios y los derechos y obligaciones de ambas partes. Los servicios ofrecidos incluyen, entre otros:<\/p>\n\n\n\n<ul class=\"wp-block-list\">\n<li>Lectura de Tarot Expr\u00e9s.<\/li>\n\n\n\n<li>Lectura de Or\u00e1culo de los \u00c1ngeles.<\/li>\n\n\n\n<li>Lectura de Tarot Intuitivo.<\/li>\n\n\n\n<li>Lectura de Registros Ak\u00e1shicos.<\/li>\n\n\n\n<li>Terapia energ\u00e9tica: Sanaci\u00f3n Ak\u00e1shica .<\/li>\n\n\n\n<li>Limpieza energ\u00e9tica.<\/li>\n\n\n\n<li>Coaching Integral de Transformaci\u00f3n Personal<\/li>\n\n\n\n<li>Y sus derivaciones o extensiones.<\/li>\n<\/ul>\n\n\n\n<p class=\"wp-block-paragraph\">Las formaciones, cursos y programas online que se ofrecen a trav\u00e9s de la Escuela disponen de sus propios T\u00e9rminos y Condiciones de contrataci\u00f3n y se regir\u00e1n por el documento correspondiente. La contrataci\u00f3n de cualquiera de los servicios implica la lectura y aceptaci\u00f3n de los presentes T\u00e9rminos y Condiciones.<\/p>\n\n\n\n<hr class=\"wp-block-separator has-alpha-channel-opacity\"\/>\n\n\n\n<h2 class=\"wp-block-heading\">2. \u00bfC\u00f3mo funciona la contrataci\u00f3n de una sesi\u00f3n?<\/h2>\n\n\n\n<p class=\"wp-block-paragraph\">Para que el proceso sea claro y sencillo, todas las sesiones siguen el mismo procedimiento.<\/p>\n\n\n\n<h3 class=\"wp-block-heading\">2.1. Solicitud de la sesi\u00f3n<\/h3>\n\n\n\n<p class=\"wp-block-paragraph\">Puedes solicitar una sesi\u00f3n a trav\u00e9s de los medios habilitados en esta p\u00e1gina web. La solicitud constituye una <strong>prereserva<\/strong>, por lo que no implica la confirmaci\u00f3n autom\u00e1tica de la cita.<\/p>\n\n\n\n<h3 class=\"wp-block-heading\">2.2. Confirmaci\u00f3n de disponibilidad<\/h3>\n\n\n\n<p class=\"wp-block-paragraph\">Una vez recibida tu solicitud, revisar\u00e9 mi agenda y me pondr\u00e9 en contacto contigo para confirmar la disponibilidad y acordar el d\u00eda y la hora de la sesi\u00f3n.<\/p>\n\n\n\n<h3 class=\"wp-block-heading\">2.3. Consulta previa en la Sanaci\u00f3n Ak\u00e1shica<\/h3>\n\n\n\n<p class=\"wp-block-paragraph\">En el caso de la <strong>Terapia energ\u00e9tica de Sanaci\u00f3n Ak\u00e1shica<\/strong>, antes de confirmar la cita realizar\u00e9 una consulta previa para comprobar si existe autorizaci\u00f3n de los Registros para llevar a cabo el trabajo solicitado. Si no existiera dicha autorizaci\u00f3n, el servicio no podr\u00e1 realizarse y la solicitud quedar\u00e1 cancelada sin que tengas que realizar ning\u00fan pago.<\/p>\n\n\n\n<h3 class=\"wp-block-heading\">2.4. Pago<\/h3>\n\n\n\n<p class=\"wp-block-paragraph\">Una vez confirmada la disponibilidad de la cita y, cuando corresponda, la viabilidad del servicio solicitado, recibir\u00e1s las instrucciones para realizar el pago. Como norma general, el pago deber\u00e1 efectuarse con un m\u00ednimo de <strong>3 d\u00edas naturales de antelaci\u00f3n<\/strong> a la fecha de la sesi\u00f3n. De forma excepcional, y \u00fanicamente cuando mi disponibilidad lo permita, podr\u00e1n aceptarse solicitudes con un m\u00ednimo de <strong>24 horas de antelaci\u00f3n<\/strong>.<\/p>\n\n\n\n<h3 class=\"wp-block-heading\">2.5. Confirmaci\u00f3n definitiva<\/h3>\n\n\n\n<p class=\"wp-block-paragraph\">Una vez recibido el pago, la cita quedar\u00e1 confirmada y la franja horaria reservada exclusivamente para ti.<\/p>\n\n\n\n<h1 class=\"wp-block-heading\">3. Cambios, cancelaciones y reembolsos<\/h1>\n\n\n\n<p class=\"wp-block-paragraph\">Entiendo que pueden surgir imprevistos. Si necesitas modificar o cancelar tu sesi\u00f3n, te agradecer\u00e9 que me lo comuniques lo antes posible para poder reorganizar la agenda. Siempre que la disponibilidad lo permita, intentaremos acordar una nueva fecha que se adapte a ambas partes. Si por motivos personales, familiares, de salud, conciliaci\u00f3n o cualquier otra circunstancia imprevista no pudiera realizar la sesi\u00f3n en la fecha acordada, me pondr\u00e9 en contacto contigo lo antes posible para ofrecerte una nueva fecha. Si no fuera posible encontrar una nueva fecha que resulte adecuada para ambas partes, podr\u00e1s elegir entre el reembolso \u00edntegro del importe abonado o, si lo prefieres, destinar dicho importe a la contrataci\u00f3n de otro servicio disponible. En relaci\u00f3n con las cancelaciones solicitadas por la persona cliente, las devoluciones se gestionar\u00e1n conforme a la legislaci\u00f3n espa\u00f1ola vigente y a las circunstancias concretas de cada caso.<\/p>\n\n\n\n<hr class=\"wp-block-separator has-alpha-channel-opacity\"\/>\n\n\n\n<h1 class=\"wp-block-heading\">4. Desarrollo de las sesiones<\/h1>\n\n\n\n<p class=\"wp-block-paragraph\">Todos los servicios se realizan de forma online, salvo que se indique expresamente lo contrario. Cada sesi\u00f3n es completamente personalizada y se adapta a las necesidades, circunstancias y proceso de cada persona. La duraci\u00f3n indicada para cada servicio es aproximada y podr\u00e1 variar ligeramente cuando el desarrollo de la sesi\u00f3n as\u00ed lo requiera. En algunas sesiones, especialmente en el Tarot Intuitivo, los Registros Ak\u00e1shicos o la Sanaci\u00f3n Ak\u00e1shica, puede recibirse informaci\u00f3n intuitiva o canalizada. Sin embargo, esto no ocurre en todas las sesiones ni puede garantizarse previamente, ya que cada proceso es \u00fanico.<\/p>\n\n\n\n<hr class=\"wp-block-separator has-alpha-channel-opacity\"\/>\n\n\n\n<h1 class=\"wp-block-heading\">5. Puntualidad<\/h1>\n\n\n\n<p class=\"wp-block-paragraph\">Las sesiones comenzar\u00e1n a la hora acordada. Si prev\u00e9s que vas a llegar con retraso o que no podr\u00e1s asistir, te agradecer\u00e9 que me lo comuniques con la mayor antelaci\u00f3n posible.En caso de retraso por parte de la persona consultante, la sesi\u00f3n finalizar\u00e1 a la hora prevista inicialmente para respetar las citas posteriores.<\/p>\n\n\n\n<hr class=\"wp-block-separator has-alpha-channel-opacity\"\/>\n\n\n\n<h1 class=\"wp-block-heading\">6. Naturaleza de los servicios<\/h1>\n\n\n\n<p class=\"wp-block-paragraph\">Los servicios ofrecidos por Emma Vivin tienen como finalidad el acompa\u00f1amiento, la orientaci\u00f3n, el crecimiento personal y el desarrollo espiritual. Cada sesi\u00f3n busca ayudarte a comprender con mayor claridad aquello que est\u00e1s viviendo, favorecer la reflexi\u00f3n y ofrecer nuevas perspectivas desde las herramientas utilizadas en cada proceso. Las sesiones no tienen como finalidad decidir por ti ni sustituir tu propio criterio, sino acompa\u00f1arte para que puedas tomar tus decisiones de forma libre y consciente.<\/p>\n\n\n\n<hr class=\"wp-block-separator has-alpha-channel-opacity\"\/>\n\n\n\n<h1 class=\"wp-block-heading\">7. Limitaciones del servicio<\/h1>\n\n\n\n<p class=\"wp-block-paragraph\">Los servicios ofrecidos no constituyen un acto m\u00e9dico, psicol\u00f3gico, psiqui\u00e1trico, jur\u00eddico, financiero ni sustituyen el asesoramiento o tratamiento prestado por otros profesionales cuando este sea necesario. No realizo diagn\u00f3sticos m\u00e9dicos, confirmaci\u00f3n de embarazos, localizaci\u00f3n de personas desaparecidas ni asesoramiento sanitario, jur\u00eddico o financiero. Tampoco atiendo a menores de 18 a\u00f1os, solo en casos excepcionales, con el permiso y la presencia de sus padres o tutores legales. En las lecturas de Tarot pueden mostrarse tendencias, posibilidades o aprendizajes relacionados con la situaci\u00f3n presente. El futuro no se considera inmutable y puede verse influido por las decisiones, acciones y circunstancias de cada persona.<\/p>\n\n\n\n<p class=\"wp-block-paragraph\">Las decisiones y acciones tomadas antes, durante o despu\u00e9s de una sesi\u00f3n ser\u00e1n siempre responsabilidad exclusiva de la persona consultante.<\/p>\n\n\n\n<hr class=\"wp-block-separator has-alpha-channel-opacity\"\/>\n\n\n\n<h1 class=\"wp-block-heading\">8. Confidencialidad y conservaci\u00f3n de la informaci\u00f3n<\/h1>\n\n\n\n<p class=\"wp-block-paragraph\">Toda la informaci\u00f3n compartida durante las sesiones ser\u00e1 tratada con absoluta confidencialidad y respeto. Con el fin de ofrecer un acompa\u00f1amiento personalizado y, cuando sea necesario, realizar un seguimiento del proceso, podr\u00e9 tomar notas o elaborar informes relacionados con la sesi\u00f3n. Esta informaci\u00f3n ser\u00e1 utilizada exclusivamente para la correcta prestaci\u00f3n del servicio y nunca ser\u00e1 compartida con terceros, salvo obligaci\u00f3n legal. El tratamiento de los datos personales se realizar\u00e1 conforme a lo establecido en la Pol\u00edtica de Privacidad de esta p\u00e1gina web.<\/p>\n\n\n\n<hr class=\"wp-block-separator has-alpha-channel-opacity\"\/>\n\n\n\n<h1 class=\"wp-block-heading\">9. Comunicaciones<\/h1>\n\n\n\n<p class=\"wp-block-paragraph\">Las comunicaciones relacionadas con la solicitud de cita, la prereserva, la confirmaci\u00f3n de la sesi\u00f3n, el env\u00edo de instrucciones de pago o cualquier otra informaci\u00f3n necesaria para la prestaci\u00f3n del servicio se realizar\u00e1n, con car\u00e1cter general, a trav\u00e9s de WhatsApp y\/o del correo electr\u00f3nico facilitado por la persona solicitante. Es responsabilidad de la persona cliente facilitar datos de contacto correctos y revisar dichos medios de comunicaci\u00f3n.<\/p>\n\n\n\n<hr class=\"wp-block-separator has-alpha-channel-opacity\"\/>\n\n\n\n<h1 class=\"wp-block-heading\">10.Preparaci\u00f3n de los servicios<\/h1>\n\n\n\n<p class=\"wp-block-paragraph\"><strong>Todos los servicios ofrecidos por Emma Vivin son personalizados y requieren una preparaci\u00f3n previa adaptada a cada persona y al servicio contratado.<\/strong> Esta preparaci\u00f3n suele realizarse poco antes de la sesi\u00f3n, aunque en algunos casos puede comenzar con mayor antelaci\u00f3n cuando el servicio lo requiera. Dependiendo del tipo de acompa\u00f1amiento, esta preparaci\u00f3n puede incluir la planificaci\u00f3n de la sesi\u00f3n, la revisi\u00f3n del proceso, la apertura de los Registros Ak\u00e1shicos, la preparaci\u00f3n energ\u00e9tica, lectura antes e enviar foto y audio, meditaciones u otras actuaciones necesarias para ofrecer un acompa\u00f1amiento personalizado. <strong>Este tiempo de preparaci\u00f3n forma parte del servicio contratado y requiere una dedicaci\u00f3n exclusiva. Por ello, agradezco que cualquier cambio o cancelaci\u00f3n se comunique con la mayor antelaci\u00f3n posible, permitiendo as\u00ed una adecuada organizaci\u00f3n de la agenda y el respeto por el tiempo dedicado a cada proceso<\/strong><\/p>\n\n\n\n<hr class=\"wp-block-separator has-alpha-channel-opacity\"\/>\n\n\n\n<h1 class=\"wp-block-heading\">11. Propiedad intelectual<\/h1>\n\n\n\n<p class=\"wp-block-paragraph\">Todos los contenidos creados por Emma Vivin, incluyendo las sesiones, audios, documentos, informes, ejercicios, meditaciones, v\u00eddeos, manuales, materiales descargables y cualquier otro recurso entregado durante la prestaci\u00f3n de los servicios, est\u00e1n protegidos por la legislaci\u00f3n vigente en materia de propiedad intelectual. Las sesiones son de car\u00e1cter personal y confidencial. No est\u00e1 permitido, sin autorizaci\u00f3n previa y expresa por escrito de Emma Vivin:<\/p>\n\n\n\n<ul class=\"wp-block-list\">\n<li>Grabar total o parcialmente las sesiones.<\/li>\n\n\n\n<li>Realizar fotograf\u00edas, capturas de pantalla o grabaciones de audio o v\u00eddeo durante las sesiones.<\/li>\n\n\n\n<li>Reproducir, copiar o distribuir los materiales entregados.<\/li>\n\n\n\n<li>Compartir los contenidos con terceras personas.<\/li>\n\n\n\n<li>Publicar los materiales en redes sociales, plataformas digitales o cualquier otro medio.<\/li>\n\n\n\n<li>Utilizar los contenidos con fines comerciales, docentes o formativos.<\/li>\n<\/ul>\n\n\n\n<p class=\"wp-block-paragraph\">Todos los materiales facilitados son para uso exclusivamente personal de la persona contratante.<\/p>\n\n\n\n<hr class=\"wp-block-separator has-alpha-channel-opacity\"\/>\n\n\n\n<h1 class=\"wp-block-heading\">12. Protecci\u00f3n de datos<\/h1>\n\n\n\n<p class=\"wp-block-paragraph\">Los datos personales facilitados ser\u00e1n tratados conforme a lo establecido en la <strong>Pol\u00edtica de Privacidad<\/strong> de esta p\u00e1gina web y de acuerdo con la normativa vigente en materia de protecci\u00f3n de datos. La informaci\u00f3n facilitada ser\u00e1 utilizada exclusivamente para la gesti\u00f3n de las solicitudes, la prestaci\u00f3n de los servicios contratados, el seguimiento de los procesos cuando sea necesario y el cumplimiento de las obligaciones legales correspondientes. En cualquier momento podr\u00e1s ejercer tus derechos de <strong>acceso, rectificaci\u00f3n, supresi\u00f3n, oposici\u00f3n, limitaci\u00f3n del tratamiento y portabilidad de tus datos<\/strong>, as\u00ed como retirar el consentimiento cuando proceda, enviando una solicitud a trav\u00e9s del formulario de contacto disponible en la p\u00e1gina <strong><a href=\"https:\/\/emmavivin.es\/index.php\/contacto\/\" data-type=\"page\" data-id=\"145\">Contacto<\/a><\/strong> o por cualquiera de los medios de contacto indicados en esta web. Asimismo, si consideras que el tratamiento de tus datos personales no se ajusta a la normativa vigente, tienes derecho a presentar una reclamaci\u00f3n ante la autoridad de control competente.<\/p>\n\n\n\n<hr class=\"wp-block-separator has-alpha-channel-opacity\"\/>\n\n\n\n<h1 class=\"wp-block-heading\">13. Derecho de desistimiento<\/h1>\n\n\n\n<p class=\"wp-block-paragraph\">El derecho de desistimiento, as\u00ed como las condiciones aplicables a cancelaciones, devoluciones y prestaci\u00f3n de servicios personalizados, se regir\u00e1 por la legislaci\u00f3n espa\u00f1ola vigente en materia de protecci\u00f3n de consumidores y usuarios. En aquellos supuestos en los que la normativa establezca excepciones al derecho de desistimiento, estas podr\u00e1n resultar aplicables cuando concurran los requisitos legales correspondientes.<\/p>\n\n\n\n<hr class=\"wp-block-separator has-alpha-channel-opacity\"\/>\n\n\n\n<h1 class=\"wp-block-heading\">14. Aceptaci\u00f3n de las condiciones<\/h1>\n\n\n\n<p class=\"wp-block-paragraph\">Los presentes T\u00e9rminos y Condiciones estar\u00e1n a disposici\u00f3n de la persona cliente con car\u00e1cter previo a la contrataci\u00f3n de cualquiera de los servicios. <strong>La realizaci\u00f3n del pago, una vez facilitado el acceso a este documento, supone que la persona cliente declara haber le\u00eddo, comprendido y aceptado los presentes T\u00e9rminos y Condiciones de Contrataci\u00f3n de Servicios.<\/strong><\/p>\n\n\n\n<hr class=\"wp-block-separator has-alpha-channel-opacity\"\/>\n\n\n\n<h1 class=\"wp-block-heading\">15. Legislaci\u00f3n aplicable<\/h1>\n\n\n\n<p class=\"wp-block-paragraph\">Los presentes T\u00e9rminos y Condiciones se regir\u00e1n por la legislaci\u00f3n espa\u00f1ola.  Cualquier controversia que pudiera surgir en relaci\u00f3n con la contrataci\u00f3n o prestaci\u00f3n de los servicios ser\u00e1 resuelta conforme a la normativa vigente y por los juzgados y tribunales que resulten competentes.<\/p>\n","protected":false},"excerpt":{"rendered":"<p>T\u00c9RMINOS Y CONDICIONES DE CONTRATACI\u00d3N DE SERVICIOS \u00daltima actualizaci\u00f3n: 31\/07\/2026 1. Objeto Los presentes T\u00e9rminos y Condiciones regulan la contrataci\u00f3n de los servicios ofrecidos por Emma Vivin a trav\u00e9s de esta p\u00e1gina web y otros medios. Estos t\u00e9rminos tienen como finalidad explicar de forma clara c\u00f3mo funciona el proceso de contrataci\u00f3n, reserva, prestaci\u00f3n de los&#8230;<\/p>\n","protected":false},"author":1,"featured_media":0,"parent":0,"menu_order":0,"comment_status":"closed","ping_status":"closed","template":"","meta":{"_kad_post_transparent":"disable","_kad_post_title":"hide","_kad_post_layout":"fullwidth","_kad_post_sidebar_id":"","_kad_post_content_style":"unboxed","_kad_post_vertical_padding":"","_kad_post_feature":"hide","_kad_post_feature_position":"","_kad_post_header":false,"_kad_post_footer":false,"_kad_post_classname":"","footnotes":""},"class_list":["post-642","page","type-page","status-publish","hentry"],"_links":{"self":[{"href":"https:\/\/emmavivin.es\/index.php\/wp-json\/wp\/v2\/pages\/642","targetHints":{"allow":["GET"]}}],"collection":[{"href":"https:\/\/emmavivin.es\/index.php\/wp-json\/wp\/v2\/pages"}],"about":[{"href":"https:\/\/emmavivin.es\/index.php\/wp-json\/wp\/v2\/types\/page"}],"author":[{"embeddable":true,"href":"https:\/\/emmavivin.es\/index.php\/wp-json\/wp\/v2\/users\/1"}],"replies":[{"embeddable":true,"href":"https:\/\/emmavivin.es\/index.php\/wp-json\/wp\/v2\/comments?post=642"}],"version-history":[{"count":21,"href":"https:\/\/emmavivin.es\/index.php\/wp-json\/wp\/v2\/pages\/642\/revisions"}],"predecessor-version":[{"id":1012,"href":"https:\/\/emmavivin.es\/index.php\/wp-json\/wp\/v2\/pages\/642\/revisions\/1012"}],"wp:attachment":[{"href":"https:\/\/emmavivin.es\/index.php\/wp-json\/wp\/v2\/media?parent=642"}],"curies":[{"name":"wp","href":"https:\/\/api.w.org\/{rel}","templated":true}]}}