{"id":86,"date":"2026-07-18T14:39:27","date_gmt":"2026-07-18T14:39:27","guid":{"rendered":"https:\/\/emmavivin.es\/?page_id=86"},"modified":"2026-08-02T16:04:27","modified_gmt":"2026-08-02T16:04:27","slug":"pagina-de-inicio","status":"publish","type":"page","link":"https:\/\/emmavivin.es\/","title":{"rendered":"pagina de inicio"},"content":{"rendered":"\n<div class=\"wp-block-group is-vertical is-layout-flex wp-container-core-group-is-layout-4fc3f8e1 wp-block-group-is-layout-flex\">\n<h2 class=\"wp-block-heading\"><\/h2>\n\n\n\n<div class=\"wp-block-cover has-theme-palette-5-color has-text-color has-link-color wp-elements-1\" style=\"margin-top:0;margin-bottom:0;padding-top:0;padding-bottom:0;min-height:788px;aspect-ratio:unset;\"><span aria-hidden=\"true\" class=\"wp-block-cover__background has-theme-palette-7-background-color has-background-dim-100 has-background-dim\"><\/span><div class=\"wp-block-cover__inner-container is-layout-constrained wp-block-cover-is-layout-constrained\">\n<h2 class=\"wp-block-heading has-text-align-center has-theme-palette-4-color has-text-color has-link-color has-large-font-size wp-elements-2\">Cuando sientes que algo no encaja, comprender es el primer paso para transformarlo.<\/h2>\n\n\n\n<div class=\"wp-block-media-text alignwide is-stacked-on-mobile is-vertically-aligned-top\"><figure class=\"wp-block-media-text__media\"><img loading=\"lazy\" decoding=\"async\" width=\"1024\" height=\"1024\" src=\"http:\/\/emmavivin.es\/wp-content\/uploads\/2026\/07\/YOP-1024x1024.jpg\" alt=\"\" class=\"wp-image-101 size-full\" srcset=\"https:\/\/emmavivin.es\/wp-content\/uploads\/2026\/07\/YOP-1024x1024.jpg 1024w, https:\/\/emmavivin.es\/wp-content\/uploads\/2026\/07\/YOP-300x300.jpg 300w, https:\/\/emmavivin.es\/wp-content\/uploads\/2026\/07\/YOP-150x150.jpg 150w, https:\/\/emmavivin.es\/wp-content\/uploads\/2026\/07\/YOP-768x768.jpg 768w, https:\/\/emmavivin.es\/wp-content\/uploads\/2026\/07\/YOP.jpg 1080w\" sizes=\"auto, (max-width: 1024px) 100vw, 1024px\" \/><\/figure><div class=\"wp-block-media-text__content\">\n<p class=\"wp-block-paragraph\">Hola, soy <strong>Emma Vivin<\/strong>. Puede que hayas llegado hasta aqu\u00ed despu\u00e9s de intentar comprender muchas veces qu\u00e9 te ocurre. Has buscado respuestas, has trabajado en ti y, aun as\u00ed, sientes que todav\u00eda <strong>hay algo que no consigues entender<\/strong>. Hay situaciones que se repiten, decisiones que siempre cuestan m\u00e1s de lo que deber\u00edan o una <strong>sensaci\u00f3n de bloqueo que parece no desaparecer.<\/strong> Mi forma de acompa\u00f1arte nace precisamente de ah\u00ed: <strong>ayudarte a comprender el origen <\/strong>de lo que est\u00e1s viviendo para que puedas <strong>transformarlo y recuperar tu equilibrio.<\/strong> Si quieres conocer mi historia o descubrir c\u00f3mo puedo acompa\u00f1arte, te invito a seguir explorando la web.<\/p>\n\n\n\n<div class=\"wp-block-buttons is-layout-flex wp-block-buttons-is-layout-flex\">\n<div class=\"wp-block-button\"><a class=\"wp-block-button__link wp-element-button\" href=\"https:\/\/emmavivin.es\/index.php\/quien-soy\/\"><strong> Qui\u00e9n soy<\/strong><\/a><\/div>\n<\/div>\n<\/div><\/div>\n<\/div><\/div>\n<\/div>\n\n\n\n<div class=\"wp-block-cover alignfull\" style=\"margin-top:0;margin-bottom:0;padding-top:0;padding-right:0px;padding-bottom:0;padding-left:0px;min-height:50px;aspect-ratio:unset;\"><span aria-hidden=\"true\" class=\"wp-block-cover__background has-theme-palette-6-background-color has-background-dim-100 has-background-dim\"><\/span><div class=\"wp-block-cover__inner-container is-layout-constrained wp-container-core-cover-is-layout-a8efce15 wp-block-cover-is-layout-constrained\">\n<h2 class=\"wp-block-heading has-theme-palette-1-color has-text-color has-link-color wp-elements-3\">\u00bfQu\u00e9 podemos trabajar juntas?<\/h2>\n\n\n\n<ul class=\"wp-block-list\">\n<li class=\"has-theme-palette-4-color has-text-color has-link-color wp-elements-4\"><strong>Comprender lo que te ocurre<\/strong>:<br>Cuando sientes que algo no termina de encajar, vuelves a vivir situaciones parecidas o no consigues entender qu\u00e9 te est\u00e1 bloqueando.<\/li>\n\n\n\n<li class=\"has-theme-palette-4-color has-text-color has-link-color wp-elements-5\"><strong>Liberar aquello que ya no necesitas<\/strong>:<br>Cuando notas un gran desgaste emocional o energ\u00e9tico, sientes que cargas con demasiado peso o necesitas recuperar tu equilibrio.<\/li>\n\n\n\n<li class=\"has-theme-palette-4-color has-text-color has-link-color wp-elements-6\"><strong>Recuperar claridad y confianza<\/strong>:<br>Cuando te cuesta tomar decisiones, dudas constantemente de ti o sientes que has perdido el rumbo.<\/li>\n\n\n\n<li class=\"has-theme-palette-4-color has-text-color has-link-color wp-elements-7\"><strong>Sanar desde el origen<\/strong>:<br>Cuando quieres comprender de d\u00f3nde viene aquello que est\u00e1s viviendo para dejar de repetirlo y construir una forma diferente de avanzar.<\/li>\n\n\n\n<li class=\"has-theme-palette-4-color has-text-color has-link-color wp-elements-8\"><strong>Volver a sentirte t\u00fa<\/strong>:<br>Cuando has dedicado demasiado tiempo a los dem\u00e1s, te has desconectado de ti y necesitas volver a escucharte y priorizarte.<\/li>\n<\/ul>\n<\/div><\/div>\n\n\n\n<h2 class=\"wp-block-heading has-text-align-center has-theme-palette-2-color has-text-color has-link-color wp-elements-9\">Elige c\u00f3mo quieres recorrer este camino<\/h2>\n\n\n\n<div class=\"wp-block-columns is-layout-flex wp-container-core-columns-is-layout-8f761849 wp-block-columns-is-layout-flex\">\n<div class=\"wp-block-column is-layout-flow wp-block-column-is-layout-flow\">\n<p class=\"wp-block-paragraph\"><strong>Encuentra el acompa\u00f1amiento que necesitas<\/strong><\/p>\n\n\n\n<p class=\"wp-block-paragraph\">Si te sientes perdida, repites los mismos patrones, necesitas tomar una decisi\u00f3n o simplemente quieres comprender qu\u00e9 te est\u00e1 ocurriendo, aqu\u00ed encontrar\u00e1s un acompa\u00f1amiento adaptado a tus necesidades.<\/p>\n\n\n\n<div class=\"wp-block-buttons is-layout-flex wp-block-buttons-is-layout-flex\">\n<div class=\"wp-block-button\"><a class=\"wp-block-button__link wp-element-button\" href=\"https:\/\/emmavivin.es\/index.php\/servicios\/\"><strong>Acompa\u00f1amiento online<\/strong> <\/a><\/div>\n<\/div>\n<\/div>\n\n\n\n<div class=\"wp-block-column is-layout-flow wp-block-column-is-layout-flow\">\n<p class=\"wp-block-paragraph\"><strong>Aprende, transforma y crece<\/strong><\/p>\n\n\n\n<p class=\"wp-block-paragraph\">Si quieres comprenderte mejor, desarrollar tu intuici\u00f3n y aprender herramientas para avanzar con m\u00e1s confianza y autonom\u00eda, aqu\u00ed encontrar\u00e1s cursos, programas y talleres online para seguir creciendo a tu ritmo.<\/p>\n\n\n\n<div class=\"wp-block-buttons is-layout-flex wp-block-buttons-is-layout-flex\">\n<div class=\"wp-block-button\"><a class=\"wp-block-button__link wp-element-button\" href=\"https:\/\/emmavivin.es\/index.php\/formaciones\/\"><strong>Formaciones<\/strong> <strong>online<\/strong><\/a><\/div>\n<\/div>\n<\/div>\n<\/div>\n\n\n\n<p class=\"wp-block-paragraph\"><\/p>\n","protected":false},"excerpt":{"rendered":"<p>Elige c\u00f3mo quieres recorrer este camino Encuentra el acompa\u00f1amiento que necesitas Si te sientes perdida, repites los mismos patrones, necesitas tomar una decisi\u00f3n o simplemente quieres comprender qu\u00e9 te est\u00e1 ocurriendo, aqu\u00ed encontrar\u00e1s un acompa\u00f1amiento adaptado a tus necesidades. Aprende, transforma y crece Si quieres comprenderte mejor, desarrollar tu intuici\u00f3n y aprender herramientas para avanzar&#8230;<\/p>\n","protected":false},"author":1,"featured_media":0,"parent":0,"menu_order":0,"comment_status":"closed","ping_status":"closed","template":"","meta":{"_kad_post_transparent":"disable","_kad_post_title":"hide","_kad_post_layout":"normal","_kad_post_sidebar_id":"","_kad_post_content_style":"unboxed","_kad_post_vertical_padding":"hide","_kad_post_feature":"hide","_kad_post_feature_position":"","_kad_post_header":false,"_kad_post_footer":false,"_kad_post_classname":"","footnotes":""},"class_list":["post-86","page","type-page","status-publish","hentry"],"_links":{"self":[{"href":"https:\/\/emmavivin.es\/index.php\/wp-json\/wp\/v2\/pages\/86","targetHints":{"allow":["GET"]}}],"collection":[{"href":"https:\/\/emmavivin.es\/index.php\/wp-json\/wp\/v2\/pages"}],"about":[{"href":"https:\/\/emmavivin.es\/index.php\/wp-json\/wp\/v2\/types\/page"}],"author":[{"embeddable":true,"href":"https:\/\/emmavivin.es\/index.php\/wp-json\/wp\/v2\/users\/1"}],"replies":[{"embeddable":true,"href":"https:\/\/emmavivin.es\/index.php\/wp-json\/wp\/v2\/comments?post=86"}],"version-history":[{"count":59,"href":"https:\/\/emmavivin.es\/index.php\/wp-json\/wp\/v2\/pages\/86\/revisions"}],"predecessor-version":[{"id":1000,"href":"https:\/\/emmavivin.es\/index.php\/wp-json\/wp\/v2\/pages\/86\/revisions\/1000"}],"wp:attachment":[{"href":"https:\/\/emmavivin.es\/index.php\/wp-json\/wp\/v2\/media?parent=86"}],"curies":[{"name":"wp","href":"https:\/\/api.w.org\/{rel}","templated":true}]}}